{"id":559,"date":"2018-06-04T15:30:27","date_gmt":"2018-06-04T13:30:27","guid":{"rendered":"https:\/\/teilhabeberatung-verden-osterholz.de\/impressum\/"},"modified":"2024-06-27T12:00:19","modified_gmt":"2024-06-27T10:00:19","slug":"impressum","status":"publish","type":"page","link":"https:\/\/teilhabeberatung-verden-osterholz.de\/ls\/impressum\/","title":{"rendered":"Impressum"},"content":{"rendered":"<!-- RS_MODULE_CODE_2.4.4 --><div id=\"readspeaker_button559\" class=\"rs_skip rsbtn rs_preserve\"><a class=\"rsbtn_play\" title=\"Um den Text anzuh&ouml;ren, verwenden Sie bitte ReadSpeaker\" accesskey=\"L\" href=\"\/\/app-eu.readspeaker.com\/cgi-bin\/rsent?customerid=10121&amp;lang=de_de&amp;readid=rspeak_read_559&amp;url=https%3A%2F%2Fteilhabeberatung-verden-osterholz.de%2Fls%2Fwp-json%2Fwp%2Fv2%2Fpages%2F559\">\n        <span class=\"rsbtn_left rsimg rspart\"><span class=\"rsbtn_text\"><span>Vorlesen<\/span><\/span><\/span>\n        <span class=\"rsbtn_right rsimg rsplay rspart\"><\/span>\n        <\/a><\/div><div id=\"rspeak_read_559\">\n<p>Teilhabeberatung Aller-Weser-W&uuml;mme e.V.<br \/>\nUntere Stra&szlig;e 30<br \/>\n27283 Verden<\/p>\n\n<p>Vereinsregister: 201324<br \/>\nRegistergericht: Amtsgericht Walsrode<\/p>\n\n<p><strong>Vertreten durch:<\/strong><br \/>\nMirco Malke (1. Vorsitzender)<br \/>\nOliver Geweke (2. Vorsitzender)<br \/>\nEric Buitkamp (Kassenwart)<br \/>\nSvenja Schymanek (Beisitzerin)<br \/>\nStefann Bachmann (Beisitzer)<\/p>\n\n<h2>Kontakt<\/h2>\n<p>Telefon: 04231- 6620781<br \/>\nE-Mail: vorstand@teilhabeberatung-verden-osterholz.de<\/p>\n\n<h2>Aufsichtsbeh&ouml;rde<\/h2>\n<p>Die Landesbeauftragte f&uuml;r den Datenschutz Niedersachsen<br \/>\nPrinzenstra&szlig;e 5<br \/>\n30159 Hannover<\/p>\n<p><a href=\"https:\/\/www.bfdi.bund.de\/SharedDocs\/Adressen\/LfD\/Niedersachsen.html?nn=5217144\" target=\"_blank\" rel=\"noopener noreferrer\">https:\/\/www.bfdi.bund.de\/SharedDocs\/Adressen\/LfD\/Niedersachsen.html?nn=5217144<\/a><\/p>\n\n<h2>Angaben zur Berufs&shy;haftpflicht&shy;versicherung<\/h2>\n<p><strong>Name und Sitz des Versicherers:<\/strong><br \/>\nLandschaftliche Brandkasse Hannover<br \/>\nSchiffgraben 4<br \/>\n30159 Hannover<\/p>\n<p><strong>Geltungsraum der Versicherung:<\/strong><br \/>Deutschland<\/p>\n\n<h2>Redaktionell verantwortlich<\/h2>\n<p>Teilhabeberatung Aller-Weser-W&uuml;mme e.V.<br \/>\nVertreten durch:<br \/>\nMirco Malke (1. Vorsitzender)<br \/>\nOliver Geweke (2. Vorsitzender)<br \/>\nEric Buitkamp (Kassenwart)<br \/>\nSvenja Schymanek (Beisitzerin)<br \/>\nStefann Bachmann (Beisitzer)<br \/>\n<br \/>\nUntere Stra&szlig;e 30<br \/>\n27283 Verden<\/p>\n\n<h2>EU-Streitschlichtung<\/h2>\n<p>Die Europ&auml;ische Kommission stellt eine Plattform zur Online-Streitbeilegung (OS) bereit: <a href=\"https:\/\/ec.europa.eu\/consumers\/odr\/\" target=\"_blank\" rel=\"noopener noreferrer\">https:\/\/ec.europa.eu\/consumers\/odr\/<\/a>.<br \/> Unsere E-Mail-Adresse finden Sie oben im Impressum.<\/p>\n\n<h2>Verbraucher&shy;streit&shy;beilegung\/Universal&shy;schlichtungs&shy;stelle<\/h2>\n<p>Wir sind nicht bereit oder verpflichtet, an Streitbeilegungsverfahren vor einer Verbraucherschlichtungsstelle teilzunehmen.<\/p>\n\n\n\n<h2 class=\"wp-block-heading\">Grafik- &amp; Webdesign:<\/h2>\n\n\n\n<a href=\"https:\/\/janawiescholek.de\/design\/\" target=\"_blank\" rel=\"noopener\">Jana Wiescholek | Grafik &#038; Webdesign Bremen<\/a>\n\n\n\n<h2 class=\"wp-block-heading\">Fotos:<\/h2>\n\n\n\n<p>shutterstock, adobe Stock<\/p>\n\n\n\n<h2 class=\"wp-block-heading\">Der Text in Leichter Sprache ist von:<\/h2>\n\n\n\n<div class=\"wp-block-columns is-layout-flex wp-container-core-columns-is-layout-9d6595d7 wp-block-columns-is-layout-flex\">\n<div class=\"wp-block-column is-layout-flow wp-block-column-is-layout-flow\" style=\"flex-basis:33.33%\">\n<figure class=\"wp-block-image size-full is-resized\"><img loading=\"lazy\" decoding=\"async\" width=\"391\" height=\"391\" src=\"https:\/\/teilhabeberatung-verden-osterholz.de\/wp-content\/uploads\/siegel-LS.png\" alt=\"Siegel - Leichte Sprache gepr\u00fcft\" class=\"wp-image-552\" style=\"width:270px;height:auto\" srcset=\"https:\/\/teilhabeberatung-verden-osterholz.de\/wp-content\/uploads\/siegel-LS.png 391w, https:\/\/teilhabeberatung-verden-osterholz.de\/wp-content\/uploads\/siegel-LS-150x150.png 150w, https:\/\/teilhabeberatung-verden-osterholz.de\/wp-content\/uploads\/siegel-LS-200x200.png 200w\" sizes=\"auto, (max-width: 391px) 100vw, 391px\" \/><\/figure>\n<\/div>\n\n\n\n<div class=\"wp-block-column is-layout-flow wp-block-column-is-layout-flow\" style=\"flex-basis:66.66%\">\n<p>\u00a9 B\u00fcro f\u00fcr Leichte Sprache, Lebenshilfe f\u00fcr Menschen mit geistiger Behinderung Bremen e.V., 2019.<br>Pr\u00fcfer vom B\u00fcro haben den Text gepr\u00fcft.<br><strong>Das Siegel ist von:<\/strong><br>Lebenshilfe-Gesellschaft f\u00fcr Leichte Sprache eG.<br><strong>Die Bilder sind von:<\/strong><br>\u00a9 Lebenshilfe f\u00fcr Menschen mit geistiger Behinderung Bremen e.V.,<br>Illustrator Stefan Albers, Atelier Fleetinsel, 2013.<\/p>\n<\/div>\n<\/div>\n<\/div>","protected":false},"excerpt":{"rendered":"<!-- RS_MODULE_CODE_2.4.4 --><div id=\"readspeaker_button559\" class=\"rs_skip rsbtn rs_preserve\"><a class=\"rsbtn_play\" title=\"Um den Text anzuh&ouml;ren, verwenden Sie bitte ReadSpeaker\" accesskey=\"L\" href=\"\/\/app-eu.readspeaker.com\/cgi-bin\/rsent?customerid=10121&amp;lang=de_de&amp;readid=rspeak_read_559&amp;url=https%3A%2F%2Fteilhabeberatung-verden-osterholz.de%2Fls%2Fwp-json%2Fwp%2Fv2%2Fpages%2F559\">\n        <span class=\"rsbtn_left rsimg rspart\"><span class=\"rsbtn_text\"><span>Vorlesen<\/span><\/span><\/span>\n        <span class=\"rsbtn_right rsimg rsplay rspart\"><\/span>\n        <\/a><\/div><div id=\"rspeak_read_559\"><p> Teilhabeberatung Aller-Weser-W&uuml;mme e.V. Untere Stra&szlig;e 30 27283 Verden Vereinsregister: 201324 Registergericht: Amtsgericht Walsrode Vertreten durch: Mirco Malke (1. Vorsitzender) Oliver Geweke (2. Vorsitzender) Eric Buitkamp (Kassenwart) Svenja Schymanek (Beisitzerin) Stefann Bachmann (Beisitzer) Kontakt Telefon: 04231- 6620781 E-Mail: vorstand@teilhabeberatung-verden-osterholz.de Aufsichtsbeh&ouml;rde Die Landesbeauftragte f&uuml;r den Datenschutz Niedersachsen Prinzenstra&szlig;e 5 30159 Hannover https:\/\/www.bfdi.bund.de\/SharedDocs\/Adressen\/LfD\/Niedersachsen.html?nn=5217144 Angaben zur Berufs&shy;haftpflicht&shy;versicherung Name&hellip; <a class=\"more-link\" href=\"https:\/\/teilhabeberatung-verden-osterholz.de\/ls\/impressum\/\">Continue reading <span class=\"screen-reader-text\">Impressum<\/span><\/a><\/p>\n<\/div>","protected":false},"author":1,"featured_media":0,"parent":0,"menu_order":10,"comment_status":"closed","ping_status":"closed","template":"","meta":{"_acf_changed":false,"footnotes":""},"class_list":["post-559","page","type-page","status-publish","hentry","entry"],"acf":[],"yoast_head":"<!-- This site is optimized with the Yoast SEO plugin v26.7 - https:\/\/yoast.com\/wordpress\/plugins\/seo\/ -->\n<title>Impressum - Erg\u00e4nzende unabh\u00e4ngige Teilhabeberatung Aller-Weser-W\u00fcmme e.V.<\/title>\n<meta name=\"robots\" content=\"index, follow, max-snippet:-1, max-image-preview:large, max-video-preview:-1\" \/>\n<link rel=\"canonical\" href=\"https:\/\/teilhabeberatung-verden-osterholz.de\/ls\/impressum\/\" \/>\n<meta property=\"og:locale\" content=\"en_US\" \/>\n<meta property=\"og:type\" content=\"article\" \/>\n<meta property=\"og:title\" content=\"Impressum - Erg\u00e4nzende unabh\u00e4ngige Teilhabeberatung Aller-Weser-W\u00fcmme e.V.\" \/>\n<meta property=\"og:description\" content=\"Vorlesen Teilhabeberatung Aller-Weser-W&uuml;mme e.V. Untere Stra&szlig;e 30 27283 Verden Vereinsregister: 201324 Registergericht: Amtsgericht Walsrode Vertreten durch: Mirco Malke (1. Vorsitzender) Oliver Geweke (2. Vorsitzender) Eric Buitkamp (Kassenwart) Svenja Schymanek (Beisitzerin) Stefann Bachmann (Beisitzer) Kontakt Telefon: 04231- 6620781 E-Mail: vorstand@teilhabeberatung-verden-osterholz.de Aufsichtsbeh&ouml;rde Die Landesbeauftragte f&uuml;r den Datenschutz Niedersachsen Prinzenstra&szlig;e 5 30159 Hannover https:\/\/www.bfdi.bund.de\/SharedDocs\/Adressen\/LfD\/Niedersachsen.html?nn=5217144 Angaben zur Berufs&shy;haftpflicht&shy;versicherung Name&hellip; Continue reading Impressum\" \/>\n<meta property=\"og:url\" content=\"https:\/\/teilhabeberatung-verden-osterholz.de\/ls\/impressum\/\" \/>\n<meta property=\"og:site_name\" content=\"Erg\u00e4nzende unabh\u00e4ngige Teilhabeberatung Aller-Weser-W\u00fcmme e.V.\" \/>\n<meta property=\"article:modified_time\" content=\"2024-06-27T10:00:19+00:00\" \/>\n<meta property=\"og:image\" content=\"https:\/\/teilhabeberatung-verden-osterholz.de\/wp-content\/uploads\/siegel-LS.png\" \/>\n<script type=\"application\/ld+json\" class=\"yoast-schema-graph\">{\"@context\":\"https:\/\/schema.org\",\"@graph\":[{\"@type\":\"WebPage\",\"@id\":\"https:\/\/teilhabeberatung-verden-osterholz.de\/ls\/impressum\/\",\"url\":\"https:\/\/teilhabeberatung-verden-osterholz.de\/ls\/impressum\/\",\"name\":\"Impressum - Erg\u00e4nzende unabh\u00e4ngige Teilhabeberatung Aller-Weser-W\u00fcmme e.V.\",\"isPartOf\":{\"@id\":\"https:\/\/teilhabeberatung-verden-osterholz.de\/ls\/#website\"},\"primaryImageOfPage\":{\"@id\":\"https:\/\/teilhabeberatung-verden-osterholz.de\/ls\/impressum\/#primaryimage\"},\"image\":{\"@id\":\"https:\/\/teilhabeberatung-verden-osterholz.de\/ls\/impressum\/#primaryimage\"},\"thumbnailUrl\":\"https:\/\/teilhabeberatung-verden-osterholz.de\/wp-content\/uploads\/siegel-LS.png\",\"datePublished\":\"2018-06-04T13:30:27+00:00\",\"dateModified\":\"2024-06-27T10:00:19+00:00\",\"breadcrumb\":{\"@id\":\"https:\/\/teilhabeberatung-verden-osterholz.de\/ls\/impressum\/#breadcrumb\"},\"inLanguage\":\"ls\",\"potentialAction\":[{\"@type\":\"ReadAction\",\"target\":[\"https:\/\/teilhabeberatung-verden-osterholz.de\/ls\/impressum\/\"]}]},{\"@type\":\"ImageObject\",\"inLanguage\":\"ls\",\"@id\":\"https:\/\/teilhabeberatung-verden-osterholz.de\/ls\/impressum\/#primaryimage\",\"url\":\"https:\/\/teilhabeberatung-verden-osterholz.de\/wp-content\/uploads\/siegel-LS.png\",\"contentUrl\":\"https:\/\/teilhabeberatung-verden-osterholz.de\/wp-content\/uploads\/siegel-LS.png\"},{\"@type\":\"BreadcrumbList\",\"@id\":\"https:\/\/teilhabeberatung-verden-osterholz.de\/ls\/impressum\/#breadcrumb\",\"itemListElement\":[{\"@type\":\"ListItem\",\"position\":1,\"name\":\"Startseite\",\"item\":\"https:\/\/teilhabeberatung-verden-osterholz.de\/ls\/\"},{\"@type\":\"ListItem\",\"position\":2,\"name\":\"Impressum\"}]},{\"@type\":\"WebSite\",\"@id\":\"https:\/\/teilhabeberatung-verden-osterholz.de\/ls\/#website\",\"url\":\"https:\/\/teilhabeberatung-verden-osterholz.de\/ls\/\",\"name\":\"Erg\u00e4nzende unabh\u00e4ngige Teilhabeberatung Aller-Weser-W\u00fcmme e.V.\",\"description\":\"Beratungsstellen Verden &amp; Lilienthal Landkreis Osterholz\",\"publisher\":{\"@id\":\"https:\/\/teilhabeberatung-verden-osterholz.de\/ls\/#organization\"},\"potentialAction\":[{\"@type\":\"SearchAction\",\"target\":{\"@type\":\"EntryPoint\",\"urlTemplate\":\"https:\/\/teilhabeberatung-verden-osterholz.de\/ls\/?s={search_term_string}\"},\"query-input\":{\"@type\":\"PropertyValueSpecification\",\"valueRequired\":true,\"valueName\":\"search_term_string\"}}],\"inLanguage\":\"ls\"},{\"@type\":\"Organization\",\"@id\":\"https:\/\/teilhabeberatung-verden-osterholz.de\/ls\/#organization\",\"name\":\"Erg\u00e4nzende unabh\u00e4ngige Teilhabeberatung Aller-Weser-W\u00fcmme e.V.\",\"url\":\"https:\/\/teilhabeberatung-verden-osterholz.de\/ls\/\",\"logo\":{\"@type\":\"ImageObject\",\"inLanguage\":\"ls\",\"@id\":\"https:\/\/teilhabeberatung-verden-osterholz.de\/ls\/#\/schema\/logo\/image\/\",\"url\":\"https:\/\/teilhabeberatung-verden-osterholz.de\/wp-content\/uploads\/logo-eutb-1.svg\",\"contentUrl\":\"https:\/\/teilhabeberatung-verden-osterholz.de\/wp-content\/uploads\/logo-eutb-1.svg\",\"caption\":\"Erg\u00e4nzende unabh\u00e4ngige Teilhabeberatung Aller-Weser-W\u00fcmme e.V.\"},\"image\":{\"@id\":\"https:\/\/teilhabeberatung-verden-osterholz.de\/ls\/#\/schema\/logo\/image\/\"}}]}<\/script>\n<!-- \/ Yoast SEO plugin. -->","yoast_head_json":{"title":"Impressum - Erg\u00e4nzende unabh\u00e4ngige Teilhabeberatung Aller-Weser-W\u00fcmme e.V.","robots":{"index":"index","follow":"follow","max-snippet":"max-snippet:-1","max-image-preview":"max-image-preview:large","max-video-preview":"max-video-preview:-1"},"canonical":"https:\/\/teilhabeberatung-verden-osterholz.de\/ls\/impressum\/","og_locale":"en_US","og_type":"article","og_title":"Impressum - Erg\u00e4nzende unabh\u00e4ngige Teilhabeberatung Aller-Weser-W\u00fcmme e.V.","og_description":"Vorlesen Teilhabeberatung Aller-Weser-W&uuml;mme e.V. Untere Stra&szlig;e 30 27283 Verden Vereinsregister: 201324 Registergericht: Amtsgericht Walsrode Vertreten durch: Mirco Malke (1. Vorsitzender) Oliver Geweke (2. Vorsitzender) Eric Buitkamp (Kassenwart) Svenja Schymanek (Beisitzerin) Stefann Bachmann (Beisitzer) Kontakt Telefon: 04231- 6620781 E-Mail: vorstand@teilhabeberatung-verden-osterholz.de Aufsichtsbeh&ouml;rde Die Landesbeauftragte f&uuml;r den Datenschutz Niedersachsen Prinzenstra&szlig;e 5 30159 Hannover https:\/\/www.bfdi.bund.de\/SharedDocs\/Adressen\/LfD\/Niedersachsen.html?nn=5217144 Angaben zur Berufs&shy;haftpflicht&shy;versicherung Name&hellip; Continue reading Impressum","og_url":"https:\/\/teilhabeberatung-verden-osterholz.de\/ls\/impressum\/","og_site_name":"Erg\u00e4nzende unabh\u00e4ngige Teilhabeberatung Aller-Weser-W\u00fcmme e.V.","article_modified_time":"2024-06-27T10:00:19+00:00","og_image":[{"url":"https:\/\/teilhabeberatung-verden-osterholz.de\/wp-content\/uploads\/siegel-LS.png","type":"","width":"","height":""}],"schema":{"@context":"https:\/\/schema.org","@graph":[{"@type":"WebPage","@id":"https:\/\/teilhabeberatung-verden-osterholz.de\/ls\/impressum\/","url":"https:\/\/teilhabeberatung-verden-osterholz.de\/ls\/impressum\/","name":"Impressum - Erg\u00e4nzende unabh\u00e4ngige Teilhabeberatung Aller-Weser-W\u00fcmme e.V.","isPartOf":{"@id":"https:\/\/teilhabeberatung-verden-osterholz.de\/ls\/#website"},"primaryImageOfPage":{"@id":"https:\/\/teilhabeberatung-verden-osterholz.de\/ls\/impressum\/#primaryimage"},"image":{"@id":"https:\/\/teilhabeberatung-verden-osterholz.de\/ls\/impressum\/#primaryimage"},"thumbnailUrl":"https:\/\/teilhabeberatung-verden-osterholz.de\/wp-content\/uploads\/siegel-LS.png","datePublished":"2018-06-04T13:30:27+00:00","dateModified":"2024-06-27T10:00:19+00:00","breadcrumb":{"@id":"https:\/\/teilhabeberatung-verden-osterholz.de\/ls\/impressum\/#breadcrumb"},"inLanguage":"ls","potentialAction":[{"@type":"ReadAction","target":["https:\/\/teilhabeberatung-verden-osterholz.de\/ls\/impressum\/"]}]},{"@type":"ImageObject","inLanguage":"ls","@id":"https:\/\/teilhabeberatung-verden-osterholz.de\/ls\/impressum\/#primaryimage","url":"https:\/\/teilhabeberatung-verden-osterholz.de\/wp-content\/uploads\/siegel-LS.png","contentUrl":"https:\/\/teilhabeberatung-verden-osterholz.de\/wp-content\/uploads\/siegel-LS.png"},{"@type":"BreadcrumbList","@id":"https:\/\/teilhabeberatung-verden-osterholz.de\/ls\/impressum\/#breadcrumb","itemListElement":[{"@type":"ListItem","position":1,"name":"Startseite","item":"https:\/\/teilhabeberatung-verden-osterholz.de\/ls\/"},{"@type":"ListItem","position":2,"name":"Impressum"}]},{"@type":"WebSite","@id":"https:\/\/teilhabeberatung-verden-osterholz.de\/ls\/#website","url":"https:\/\/teilhabeberatung-verden-osterholz.de\/ls\/","name":"Erg\u00e4nzende unabh\u00e4ngige Teilhabeberatung Aller-Weser-W\u00fcmme e.V.","description":"Beratungsstellen Verden &amp; Lilienthal Landkreis Osterholz","publisher":{"@id":"https:\/\/teilhabeberatung-verden-osterholz.de\/ls\/#organization"},"potentialAction":[{"@type":"SearchAction","target":{"@type":"EntryPoint","urlTemplate":"https:\/\/teilhabeberatung-verden-osterholz.de\/ls\/?s={search_term_string}"},"query-input":{"@type":"PropertyValueSpecification","valueRequired":true,"valueName":"search_term_string"}}],"inLanguage":"ls"},{"@type":"Organization","@id":"https:\/\/teilhabeberatung-verden-osterholz.de\/ls\/#organization","name":"Erg\u00e4nzende unabh\u00e4ngige Teilhabeberatung Aller-Weser-W\u00fcmme e.V.","url":"https:\/\/teilhabeberatung-verden-osterholz.de\/ls\/","logo":{"@type":"ImageObject","inLanguage":"ls","@id":"https:\/\/teilhabeberatung-verden-osterholz.de\/ls\/#\/schema\/logo\/image\/","url":"https:\/\/teilhabeberatung-verden-osterholz.de\/wp-content\/uploads\/logo-eutb-1.svg","contentUrl":"https:\/\/teilhabeberatung-verden-osterholz.de\/wp-content\/uploads\/logo-eutb-1.svg","caption":"Erg\u00e4nzende unabh\u00e4ngige Teilhabeberatung Aller-Weser-W\u00fcmme e.V."},"image":{"@id":"https:\/\/teilhabeberatung-verden-osterholz.de\/ls\/#\/schema\/logo\/image\/"}}]}},"_links":{"self":[{"href":"https:\/\/teilhabeberatung-verden-osterholz.de\/ls\/wp-json\/wp\/v2\/pages\/559","targetHints":{"allow":["GET"]}}],"collection":[{"href":"https:\/\/teilhabeberatung-verden-osterholz.de\/ls\/wp-json\/wp\/v2\/pages"}],"about":[{"href":"https:\/\/teilhabeberatung-verden-osterholz.de\/ls\/wp-json\/wp\/v2\/types\/page"}],"author":[{"embeddable":true,"href":"https:\/\/teilhabeberatung-verden-osterholz.de\/ls\/wp-json\/wp\/v2\/users\/1"}],"replies":[{"embeddable":true,"href":"https:\/\/teilhabeberatung-verden-osterholz.de\/ls\/wp-json\/wp\/v2\/comments?post=559"}],"version-history":[{"count":0,"href":"https:\/\/teilhabeberatung-verden-osterholz.de\/ls\/wp-json\/wp\/v2\/pages\/559\/revisions"}],"wp:attachment":[{"href":"https:\/\/teilhabeberatung-verden-osterholz.de\/ls\/wp-json\/wp\/v2\/media?parent=559"}],"curies":[{"name":"wp","href":"https:\/\/api.w.org\/{rel}","templated":true}]}}