{"id":314,"date":"2018-06-04T15:26:44","date_gmt":"2018-06-04T13:26:44","guid":{"rendered":"https:\/\/teilhabeberatung-verden-osterholz.de\/?page_id=314"},"modified":"2025-03-25T15:06:50","modified_gmt":"2025-03-25T14:06:50","slug":"ergaenzende-unabhaengige-teilhabe-beratung","status":"publish","type":"page","link":"https:\/\/teilhabeberatung-verden-osterholz.de\/ls\/","title":{"rendered":"Erg\u00e4nzende unabh\u00e4ngige Teilhabe-Beratung"},"content":{"rendered":"<!-- RS_MODULE_CODE_2.4.4 --><div id=\"readspeaker_button314\" class=\"rs_skip rsbtn rs_preserve\"><a class=\"rsbtn_play\" title=\"Um den Text anzuh&ouml;ren, verwenden Sie bitte ReadSpeaker\" accesskey=\"L\" href=\"\/\/app-eu.readspeaker.com\/cgi-bin\/rsent?customerid=10121&amp;lang=de_de&amp;readid=rspeak_read_314&amp;url=https%3A%2F%2Fteilhabeberatung-verden-osterholz.de%2Fls%2Fwp-json%2Fwp%2Fv2%2Fpages%2F314\">\n        <span class=\"rsbtn_left rsimg rspart\"><span class=\"rsbtn_text\"><span>Vorlesen<\/span><\/span><\/span>\n        <span class=\"rsbtn_right rsimg rsplay rspart\"><\/span>\n        <\/a><\/div><div id=\"rspeak_read_314\">\n<h2 class=\"wp-block-heading\">Herzlich willkommen<\/h2>\n\n\n\n<h3 class=\"wp-block-heading\">Herzlich willkommen auf unserer Internet-Seite.<\/h3>\n\n\n<div class=\"wp-block-image\">\n<figure class=\"alignleft\"><img loading=\"lazy\" decoding=\"async\" width=\"200\" height=\"151\" src=\"https:\/\/eutb.test.lakrizz.de\/wp-content\/uploads\/GeschN\u0303ft2-1926-Beratungsstelle-200x151.png\" alt=\"Beratungsstelle\" class=\"wp-image-588\" srcset=\"https:\/\/teilhabeberatung-verden-osterholz.de\/wp-content\/uploads\/GeschN\u0303ft2-1926-Beratungsstelle-200x151.png 200w, https:\/\/teilhabeberatung-verden-osterholz.de\/wp-content\/uploads\/GeschN\u0303ft2-1926-Beratungsstelle-768x578.png 768w, https:\/\/teilhabeberatung-verden-osterholz.de\/wp-content\/uploads\/GeschN\u0303ft2-1926-Beratungsstelle-1024x771.png 1024w, https:\/\/teilhabeberatung-verden-osterholz.de\/wp-content\/uploads\/GeschN\u0303ft2-1926-Beratungsstelle-960x723.png 960w\" sizes=\"auto, (max-width: 200px) 100vw, 200px\" \/><\/figure>\n<\/div>\n\n\n<p>Wir sind der Verein:<br><strong>Teilhabeberatung Aller-Weser-W\u00fcmme e.V.<\/strong><\/p>\n\n\n\n<p>Wir haben 2 Beratungs-Stellen:<\/p>\n\n\n\n<ul class=\"wp-block-list\">\n<li>Eine Beratungs-Stelle in Verden.<\/li>\n\n\n\n<li>Eine Beratungs-Stelle in Lilienthal.<\/li>\n<\/ul>\n\n\n\n<hr class=\"wp-block-separator has-alpha-channel-opacity\"\/>\n\n\n<div class=\"wp-block-image\">\n<figure class=\"alignleft\"><img loading=\"lazy\" decoding=\"async\" width=\"200\" height=\"200\" src=\"https:\/\/eutb.test.lakrizz.de\/wp-content\/uploads\/logo-eutb-200x200.jpg\" alt=\"Logo EUTB\" class=\"wp-image-641\" srcset=\"https:\/\/teilhabeberatung-verden-osterholz.de\/wp-content\/uploads\/logo-eutb-200x200.jpg 200w, https:\/\/teilhabeberatung-verden-osterholz.de\/wp-content\/uploads\/logo-eutb-150x150.jpg 150w, https:\/\/teilhabeberatung-verden-osterholz.de\/wp-content\/uploads\/logo-eutb.jpg 500w\" sizes=\"auto, (max-width: 200px) 100vw, 200px\" \/><\/figure>\n<\/div>\n\n\n<p>Wir machen eine neue Beratung.<br>Die Beratung hei\u00dft:<br><strong>Erg\u00e4nzende unabh\u00e4ngige Teilhabeberatung.<\/strong><br>Die Beratung hei\u00dft kurz: <strong>EUTB\u00ae<\/strong><\/p>\n\n\n\n<hr class=\"wp-block-separator has-alpha-channel-opacity\"\/>\n\n\n<div class=\"wp-block-image\">\n<figure class=\"alignleft\"><img loading=\"lazy\" decoding=\"async\" width=\"200\" height=\"150\" src=\"https:\/\/eutb.test.lakrizz.de\/wp-content\/uploads\/beratung2-070-200x150.png\" alt=\"Beratung\" class=\"wp-image-644\" srcset=\"https:\/\/teilhabeberatung-verden-osterholz.de\/wp-content\/uploads\/beratung2-070-200x150.png 200w, https:\/\/teilhabeberatung-verden-osterholz.de\/wp-content\/uploads\/beratung2-070-768x574.png 768w, https:\/\/teilhabeberatung-verden-osterholz.de\/wp-content\/uploads\/beratung2-070-1024x766.png 1024w, https:\/\/teilhabeberatung-verden-osterholz.de\/wp-content\/uploads\/beratung2-070-960x718.png 960w\" sizes=\"auto, (max-width: 200px) 100vw, 200px\" \/><\/figure>\n<\/div>\n\n\n<p>EUTB\u00ae-Beratung ist<\/p>\n\n\n\n<ul class=\"wp-block-list\">\n<li>f\u00fcr Menschen mit Behinderung.<\/li>\n\n\n\n<li>f\u00fcr Menschen, die eine Behinderung bekommen.<\/li>\n\n\n\n<li>f\u00fcr ihre Familien.<\/li>\n<\/ul>\n\n\n\n<hr class=\"wp-block-separator has-alpha-channel-opacity\"\/>\n\n\n<div class=\"wp-block-image\">\n<figure class=\"alignleft\"><img loading=\"lazy\" decoding=\"async\" width=\"200\" height=\"213\" src=\"https:\/\/eutb.test.lakrizz.de\/wp-content\/uploads\/ich-242-200x213.png\" alt=\"Ich\" class=\"wp-image-647\" srcset=\"https:\/\/teilhabeberatung-verden-osterholz.de\/wp-content\/uploads\/ich-242-200x213.png 200w, https:\/\/teilhabeberatung-verden-osterholz.de\/wp-content\/uploads\/ich-242-768x817.png 768w, https:\/\/teilhabeberatung-verden-osterholz.de\/wp-content\/uploads\/ich-242-963x1024.png 963w, https:\/\/teilhabeberatung-verden-osterholz.de\/wp-content\/uploads\/ich-242-960x1021.png 960w, https:\/\/teilhabeberatung-verden-osterholz.de\/wp-content\/uploads\/ich-242.png 2028w\" sizes=\"auto, (max-width: 200px) 100vw, 200px\" \/><\/figure>\n<\/div>\n\n\n<p><strong>Kein<\/strong> anderer bestimmt, wie die Beratung sein soll.<br>Zum Beispiel <strong>kein<\/strong> Amt,<br>von dem Sie Geld bekommen.<br>Die EUTB\u00ae-Beratung kostet f\u00fcr Sie <strong>kein<\/strong> Geld.<\/p>\n\n\n\n<hr class=\"wp-block-separator has-alpha-channel-opacity\"\/>\n\n\n\n<h2 class=\"wp-block-heading\">EUTB\u00ae soll gut f\u00fcr Sie sein<\/h2>\n\n\n<div class=\"wp-block-image\">\n<figure class=\"alignleft\"><img loading=\"lazy\" decoding=\"async\" width=\"200\" height=\"145\" src=\"https:\/\/eutb.test.lakrizz.de\/wp-content\/uploads\/selbstbestimmung_freizeit-390-200x145.png\" alt=\"Selbstbestimmung Freizeit\" class=\"wp-image-650\" srcset=\"https:\/\/teilhabeberatung-verden-osterholz.de\/wp-content\/uploads\/selbstbestimmung_freizeit-390-200x145.png 200w, https:\/\/teilhabeberatung-verden-osterholz.de\/wp-content\/uploads\/selbstbestimmung_freizeit-390-768x557.png 768w, https:\/\/teilhabeberatung-verden-osterholz.de\/wp-content\/uploads\/selbstbestimmung_freizeit-390-1024x742.png 1024w, https:\/\/teilhabeberatung-verden-osterholz.de\/wp-content\/uploads\/selbstbestimmung_freizeit-390-960x696.png 960w\" sizes=\"auto, (max-width: 200px) 100vw, 200px\" \/><\/figure>\n<\/div>\n\n\n<p>EUTB\u00ae hilft Ihnen in allen Lebens-Bereichen.<br>Sie bekommen wichtige Infos.<br>Dann k\u00f6nnen Sie \u00fcberall dabei sein und mitmachen.<br>Das nennt man: <strong>Teilhabe<\/strong>.<\/p>\n\n\n\n<hr class=\"wp-block-separator has-alpha-channel-opacity\"\/>\n\n\n<div class=\"wp-block-image\">\n<figure class=\"alignleft\"><img loading=\"lazy\" decoding=\"async\" width=\"200\" height=\"142\" src=\"https:\/\/eutb.test.lakrizz.de\/wp-content\/uploads\/integration_behinderung-246-200x142.png\" alt=\"Integration Behinderung\" class=\"wp-image-655\" srcset=\"https:\/\/teilhabeberatung-verden-osterholz.de\/wp-content\/uploads\/integration_behinderung-246-200x142.png 200w, https:\/\/teilhabeberatung-verden-osterholz.de\/wp-content\/uploads\/integration_behinderung-246-768x544.png 768w, https:\/\/teilhabeberatung-verden-osterholz.de\/wp-content\/uploads\/integration_behinderung-246-1024x725.png 1024w, https:\/\/teilhabeberatung-verden-osterholz.de\/wp-content\/uploads\/integration_behinderung-246-960x680.png 960w\" sizes=\"auto, (max-width: 200px) 100vw, 200px\" \/><\/figure>\n<\/div>\n\n\n<p>Vielleicht hatten Sie einen Unfall oder eine lange Krankheit.<br>Dann hilft EUTB\u00ae Ihnen auch.<br>Sie k\u00f6nnen dann wieder \u00fcberall dabei sein und mitmachen.<br>Das nennt man: <strong>Rehabilitation<\/strong>.<\/p>\n\n\n\n<hr class=\"wp-block-separator has-alpha-channel-opacity\"\/>\n\n\n<div class=\"wp-block-image\">\n<figure class=\"alignleft\"><img loading=\"lazy\" decoding=\"async\" width=\"200\" height=\"129\" src=\"https:\/\/eutb.test.lakrizz.de\/wp-content\/uploads\/menschen_selbstbewusst-663_C-200x129.png\" alt=\"Menschen Selbstbewusst\" class=\"wp-image-658\" srcset=\"https:\/\/teilhabeberatung-verden-osterholz.de\/wp-content\/uploads\/menschen_selbstbewusst-663_C-200x129.png 200w, https:\/\/teilhabeberatung-verden-osterholz.de\/wp-content\/uploads\/menschen_selbstbewusst-663_C-768x497.png 768w, https:\/\/teilhabeberatung-verden-osterholz.de\/wp-content\/uploads\/menschen_selbstbewusst-663_C-1024x663.png 1024w, https:\/\/teilhabeberatung-verden-osterholz.de\/wp-content\/uploads\/menschen_selbstbewusst-663_C-960x621.png 960w\" sizes=\"auto, (max-width: 200px) 100vw, 200px\" \/><\/figure>\n<\/div>\n\n\n<p>Jeder braucht andere Hilfe.<br>Sie k\u00f6nnen selbst bestimmen, wie die Beratung sein soll.<br>Die Beratung ist immer so, wie Sie es wollen und brauchen.<\/p>\n\n\n\n<hr class=\"wp-block-separator has-alpha-channel-opacity\"\/>\n\n\n<div class=\"wp-block-image\">\n<figure class=\"alignleft\"><img loading=\"lazy\" decoding=\"async\" width=\"200\" height=\"192\" src=\"https:\/\/eutb.test.lakrizz.de\/wp-content\/uploads\/leise-287-200x192.png\" alt=\"leise\" class=\"wp-image-661\" srcset=\"https:\/\/teilhabeberatung-verden-osterholz.de\/wp-content\/uploads\/leise-287-200x192.png 200w, https:\/\/teilhabeberatung-verden-osterholz.de\/wp-content\/uploads\/leise-287-768x735.png 768w, https:\/\/teilhabeberatung-verden-osterholz.de\/wp-content\/uploads\/leise-287-1024x980.png 1024w, https:\/\/teilhabeberatung-verden-osterholz.de\/wp-content\/uploads\/leise-287-960x919.png 960w\" sizes=\"auto, (max-width: 200px) 100vw, 200px\" \/><\/figure>\n<\/div>\n\n\n<p>Wir sind f\u00fcr Sie da.<br>Wir sagen es keinem weiter,<\/p>\n\n\n\n<ul class=\"wp-block-list\">\n<li>wenn Sie zu uns kommen.<\/li>\n\n\n\n<li>was Sie uns sagen.<\/li>\n<\/ul>\n\n\n\n<hr class=\"wp-block-separator has-alpha-channel-opacity\"\/>\n\n\n<div class=\"wp-block-image\">\n<figure class=\"alignleft\"><img loading=\"lazy\" decoding=\"async\" width=\"200\" height=\"162\" src=\"https:\/\/eutb.test.lakrizz.de\/wp-content\/uploads\/beratung3-071-200x162.png\" alt=\"Beratung von Menschen mit Behinderung\" class=\"wp-image-664\" srcset=\"https:\/\/teilhabeberatung-verden-osterholz.de\/wp-content\/uploads\/beratung3-071-200x162.png 200w, https:\/\/teilhabeberatung-verden-osterholz.de\/wp-content\/uploads\/beratung3-071-768x622.png 768w, https:\/\/teilhabeberatung-verden-osterholz.de\/wp-content\/uploads\/beratung3-071-1024x829.png 1024w, https:\/\/teilhabeberatung-verden-osterholz.de\/wp-content\/uploads\/beratung3-071-960x777.png 960w\" sizes=\"auto, (max-width: 200px) 100vw, 200px\" \/><\/figure>\n<\/div>\n\n\n<p>Bei uns gibt es auch Berater mit Behinderung.<br>Berater mit Behinderung beraten<\/p>\n\n\n\n<ul class=\"wp-block-list\">\n<li>Menschen mit Behinderung<\/li>\n\n\n\n<li>Menschen, die eine Behinderung bekommen.<\/li>\n<\/ul>\n\n\n\n<p>Die Beratung von Beratern mit Behinderung hei\u00dft:<br><strong>Peer-Beratun<\/strong>g oder <strong>Peer-Counseling<\/strong>.<br>Das spricht man: Pier Kaun-zell-ing.<\/p>\n\n\n\n<hr class=\"wp-block-separator has-alpha-channel-opacity\"\/>\n\n\n<div class=\"wp-block-image\">\n<figure class=\"alignleft\"><img loading=\"lazy\" decoding=\"async\" width=\"200\" height=\"265\" src=\"https:\/\/eutb.test.lakrizz.de\/wp-content\/uploads\/mann2-294-200x265.png\" alt=\"Mann im Rollstuhl\" class=\"wp-image-667\" srcset=\"https:\/\/teilhabeberatung-verden-osterholz.de\/wp-content\/uploads\/mann2-294-200x265.png 200w, https:\/\/teilhabeberatung-verden-osterholz.de\/wp-content\/uploads\/mann2-294-768x1018.png 768w, https:\/\/teilhabeberatung-verden-osterholz.de\/wp-content\/uploads\/mann2-294-772x1024.png 772w, https:\/\/teilhabeberatung-verden-osterholz.de\/wp-content\/uploads\/mann2-294-960x1273.png 960w, https:\/\/teilhabeberatung-verden-osterholz.de\/wp-content\/uploads\/mann2-294.png 1652w\" sizes=\"auto, (max-width: 200px) 100vw, 200px\" \/><\/figure>\n<\/div>\n\n\n<p>Berater mit Behinderung wissen,<\/p>\n\n\n\n<ul class=\"wp-block-list\">\n<li>welche Probleme es bei einer Behinderung gibt.<\/li>\n\n\n\n<li>welche Hilfe wichtig ist.<\/li>\n\n\n\n<li>welche Infos wichtig sind.<\/li>\n<\/ul>\n\n\n\n<p>Darum k\u00f6nnen sie anderen Menschen mit Behinderung gut helfen.<br>So k\u00f6nnen Menschen mit Behinderung ihren Beratern noch mehr vertrauen.<br>Sie merken: Ich bin <strong>nicht<\/strong> allein.<br>Ich bekomme Hilfe bei meinen Problemen.<\/p>\n\n\n\n<hr class=\"wp-block-separator has-alpha-channel-opacity\"\/>\n\n\n<div class=\"wp-block-image\">\n<figure class=\"alignleft\"><img loading=\"lazy\" decoding=\"async\" width=\"200\" height=\"151\" src=\"https:\/\/eutb.test.lakrizz.de\/wp-content\/uploads\/GeschN\u0303ft2-1926-Beratungsstelle-200x151.png\" alt=\"Beratungsstelle\" class=\"wp-image-588\" srcset=\"https:\/\/teilhabeberatung-verden-osterholz.de\/wp-content\/uploads\/GeschN\u0303ft2-1926-Beratungsstelle-200x151.png 200w, https:\/\/teilhabeberatung-verden-osterholz.de\/wp-content\/uploads\/GeschN\u0303ft2-1926-Beratungsstelle-768x578.png 768w, https:\/\/teilhabeberatung-verden-osterholz.de\/wp-content\/uploads\/GeschN\u0303ft2-1926-Beratungsstelle-1024x771.png 1024w, https:\/\/teilhabeberatung-verden-osterholz.de\/wp-content\/uploads\/GeschN\u0303ft2-1926-Beratungsstelle-960x723.png 960w\" sizes=\"auto, (max-width: 200px) 100vw, 200px\" \/><\/figure>\n<\/div>\n\n\n<p>Wir machen Peer-Beratung in Verden und in Lilienthal.<br>Sie k\u00f6nnen mit den Peer-Beraterinnen \u00fcber alles reden.<\/p>\n\n\n\n<hr class=\"wp-block-separator has-alpha-channel-opacity\"\/>\n\n\n<div class=\"wp-block-image\">\n<figure class=\"alignleft\"><img loading=\"lazy\" decoding=\"async\" width=\"200\" height=\"179\" src=\"https:\/\/eutb.test.lakrizz.de\/wp-content\/uploads\/frage-164-200x179.png\" alt=\"Frage\" class=\"wp-image-670\" srcset=\"https:\/\/teilhabeberatung-verden-osterholz.de\/wp-content\/uploads\/frage-164-200x179.png 200w, https:\/\/teilhabeberatung-verden-osterholz.de\/wp-content\/uploads\/frage-164-768x687.png 768w, https:\/\/teilhabeberatung-verden-osterholz.de\/wp-content\/uploads\/frage-164-1024x916.png 1024w, https:\/\/teilhabeberatung-verden-osterholz.de\/wp-content\/uploads\/frage-164-960x858.png 960w\" sizes=\"auto, (max-width: 200px) 100vw, 200px\" \/><\/figure>\n<\/div>\n\n\n<p><strong>Wollen Sie mit uns reden?<\/strong><br>Sie finden unsere Daten <a href=\"https:\/\/teilhabeberatung-verden-osterholz.de\/ls\/#kontakt\" rel=\"nofollow\">\u00bb hier<\/a>.<br>Wir freuen uns auf Sie.<\/p>\n<\/div>","protected":false},"excerpt":{"rendered":"<!-- RS_MODULE_CODE_2.4.4 --><div id=\"readspeaker_button314\" class=\"rs_skip rsbtn rs_preserve\"><a class=\"rsbtn_play\" title=\"Um den Text anzuh&ouml;ren, verwenden Sie bitte ReadSpeaker\" accesskey=\"L\" href=\"\/\/app-eu.readspeaker.com\/cgi-bin\/rsent?customerid=10121&amp;lang=de_de&amp;readid=rspeak_read_314&amp;url=https%3A%2F%2Fteilhabeberatung-verden-osterholz.de%2Fls%2Fwp-json%2Fwp%2Fv2%2Fpages%2F314\">\n        <span class=\"rsbtn_left rsimg rspart\"><span class=\"rsbtn_text\"><span>Vorlesen<\/span><\/span><\/span>\n        <span class=\"rsbtn_right rsimg rsplay rspart\"><\/span>\n        <\/a><\/div><div id=\"rspeak_read_314\"><p> Herzlich willkommen Herzlich willkommen auf unserer Internet-Seite. Wir sind der Verein:Teilhabeberatung Aller-Weser-W\u00fcmme e.V. Wir haben 2 Beratungs-Stellen: Wir machen eine neue Beratung.Die Beratung hei\u00dft:Erg\u00e4nzende unabh\u00e4ngige Teilhabeberatung.Die Beratung hei\u00dft kurz: EUTB\u00ae EUTB\u00ae-Beratung ist Kein anderer bestimmt, wie die Beratung sein soll.Zum Beispiel kein Amt,von dem Sie Geld bekommen.Die EUTB\u00ae-Beratung kostet f\u00fcr Sie kein Geld. EUTB\u00ae&hellip; <a class=\"more-link\" href=\"https:\/\/teilhabeberatung-verden-osterholz.de\/ls\/\">Continue reading <span class=\"screen-reader-text\">Erg\u00e4nzende unabh\u00e4ngige Teilhabe-Beratung<\/span><\/a><\/p>\n<\/div>","protected":false},"author":1,"featured_media":0,"parent":0,"menu_order":0,"comment_status":"closed","ping_status":"closed","template":"","meta":{"_acf_changed":false,"footnotes":""},"class_list":["post-314","page","type-page","status-publish","hentry","entry"],"acf":[],"yoast_head":"<!-- This site is optimized with the Yoast SEO plugin v26.7 - https:\/\/yoast.com\/wordpress\/plugins\/seo\/ -->\n<title>Erg\u00e4nzende unabh\u00e4ngige Teilhabe-Beratung - Erg\u00e4nzende unabh\u00e4ngige Teilhabeberatung Aller-Weser-W\u00fcmme e.V.<\/title>\n<meta name=\"robots\" content=\"index, follow, max-snippet:-1, max-image-preview:large, max-video-preview:-1\" \/>\n<link rel=\"canonical\" href=\"https:\/\/teilhabeberatung-verden-osterholz.de\/ls\/\" \/>\n<meta property=\"og:locale\" content=\"en_US\" \/>\n<meta property=\"og:type\" content=\"article\" \/>\n<meta property=\"og:title\" content=\"Erg\u00e4nzende unabh\u00e4ngige Teilhabe-Beratung - Erg\u00e4nzende unabh\u00e4ngige Teilhabeberatung Aller-Weser-W\u00fcmme e.V.\" \/>\n<meta property=\"og:description\" content=\"Vorlesen Herzlich willkommen Herzlich willkommen auf unserer Internet-Seite. Wir sind der Verein:Teilhabeberatung Aller-Weser-W\u00fcmme e.V. Wir haben 2 Beratungs-Stellen: Wir machen eine neue Beratung.Die Beratung hei\u00dft:Erg\u00e4nzende unabh\u00e4ngige Teilhabeberatung.Die Beratung hei\u00dft kurz: EUTB\u00ae EUTB\u00ae-Beratung ist Kein anderer bestimmt, wie die Beratung sein soll.Zum Beispiel kein Amt,von dem Sie Geld bekommen.Die EUTB\u00ae-Beratung kostet f\u00fcr Sie kein Geld. EUTB\u00ae&hellip; Continue reading Erg\u00e4nzende unabh\u00e4ngige Teilhabe-Beratung\" \/>\n<meta property=\"og:url\" content=\"https:\/\/teilhabeberatung-verden-osterholz.de\/ls\/\" \/>\n<meta property=\"og:site_name\" content=\"Erg\u00e4nzende unabh\u00e4ngige Teilhabeberatung Aller-Weser-W\u00fcmme e.V.\" \/>\n<meta property=\"article:modified_time\" content=\"2025-03-25T14:06:50+00:00\" \/>\n<meta property=\"og:image\" content=\"https:\/\/eutb.test.lakrizz.de\/wp-content\/uploads\/logo-eutb-200x200.jpg\" \/>\n<script type=\"application\/ld+json\" class=\"yoast-schema-graph\">{\"@context\":\"https:\/\/schema.org\",\"@graph\":[{\"@type\":\"WebPage\",\"@id\":\"https:\/\/teilhabeberatung-verden-osterholz.de\/ls\/\",\"url\":\"https:\/\/teilhabeberatung-verden-osterholz.de\/ls\/\",\"name\":\"Erg\u00e4nzende unabh\u00e4ngige Teilhabe-Beratung - Erg\u00e4nzende unabh\u00e4ngige Teilhabeberatung Aller-Weser-W\u00fcmme e.V.\",\"isPartOf\":{\"@id\":\"https:\/\/teilhabeberatung-verden-osterholz.de\/ls\/#website\"},\"primaryImageOfPage\":{\"@id\":\"https:\/\/teilhabeberatung-verden-osterholz.de\/ls\/#primaryimage\"},\"image\":{\"@id\":\"https:\/\/teilhabeberatung-verden-osterholz.de\/ls\/#primaryimage\"},\"thumbnailUrl\":\"https:\/\/eutb.test.lakrizz.de\/wp-content\/uploads\/logo-eutb-200x200.jpg\",\"datePublished\":\"2018-06-04T13:26:44+00:00\",\"dateModified\":\"2025-03-25T14:06:50+00:00\",\"breadcrumb\":{\"@id\":\"https:\/\/teilhabeberatung-verden-osterholz.de\/ls\/#breadcrumb\"},\"inLanguage\":\"ls\",\"potentialAction\":[{\"@type\":\"ReadAction\",\"target\":[\"https:\/\/teilhabeberatung-verden-osterholz.de\/ls\/\"]}]},{\"@type\":\"ImageObject\",\"inLanguage\":\"ls\",\"@id\":\"https:\/\/teilhabeberatung-verden-osterholz.de\/ls\/#primaryimage\",\"url\":\"https:\/\/eutb.test.lakrizz.de\/wp-content\/uploads\/logo-eutb-200x200.jpg\",\"contentUrl\":\"https:\/\/eutb.test.lakrizz.de\/wp-content\/uploads\/logo-eutb-200x200.jpg\"},{\"@type\":\"BreadcrumbList\",\"@id\":\"https:\/\/teilhabeberatung-verden-osterholz.de\/ls\/#breadcrumb\",\"itemListElement\":[{\"@type\":\"ListItem\",\"position\":1,\"name\":\"Startseite\",\"item\":\"https:\/\/teilhabeberatung-verden-osterholz.de\/ls\/\"},{\"@type\":\"ListItem\",\"position\":2,\"name\":\"Erg\u00e4nzende unabh\u00e4ngige Teilhabe-Beratung\"}]},{\"@type\":\"WebSite\",\"@id\":\"https:\/\/teilhabeberatung-verden-osterholz.de\/ls\/#website\",\"url\":\"https:\/\/teilhabeberatung-verden-osterholz.de\/ls\/\",\"name\":\"Erg\u00e4nzende unabh\u00e4ngige Teilhabeberatung Aller-Weser-W\u00fcmme e.V.\",\"description\":\"Beratungsstellen Verden &amp; Lilienthal Landkreis Osterholz\",\"publisher\":{\"@id\":\"https:\/\/teilhabeberatung-verden-osterholz.de\/ls\/#organization\"},\"potentialAction\":[{\"@type\":\"SearchAction\",\"target\":{\"@type\":\"EntryPoint\",\"urlTemplate\":\"https:\/\/teilhabeberatung-verden-osterholz.de\/ls\/?s={search_term_string}\"},\"query-input\":{\"@type\":\"PropertyValueSpecification\",\"valueRequired\":true,\"valueName\":\"search_term_string\"}}],\"inLanguage\":\"ls\"},{\"@type\":\"Organization\",\"@id\":\"https:\/\/teilhabeberatung-verden-osterholz.de\/ls\/#organization\",\"name\":\"Erg\u00e4nzende unabh\u00e4ngige Teilhabeberatung Aller-Weser-W\u00fcmme e.V.\",\"url\":\"https:\/\/teilhabeberatung-verden-osterholz.de\/ls\/\",\"logo\":{\"@type\":\"ImageObject\",\"inLanguage\":\"ls\",\"@id\":\"https:\/\/teilhabeberatung-verden-osterholz.de\/ls\/#\/schema\/logo\/image\/\",\"url\":\"https:\/\/teilhabeberatung-verden-osterholz.de\/wp-content\/uploads\/logo-eutb-1.svg\",\"contentUrl\":\"https:\/\/teilhabeberatung-verden-osterholz.de\/wp-content\/uploads\/logo-eutb-1.svg\",\"caption\":\"Erg\u00e4nzende unabh\u00e4ngige Teilhabeberatung Aller-Weser-W\u00fcmme e.V.\"},\"image\":{\"@id\":\"https:\/\/teilhabeberatung-verden-osterholz.de\/ls\/#\/schema\/logo\/image\/\"}}]}<\/script>\n<!-- \/ Yoast SEO plugin. -->","yoast_head_json":{"title":"Erg\u00e4nzende unabh\u00e4ngige Teilhabe-Beratung - Erg\u00e4nzende unabh\u00e4ngige Teilhabeberatung Aller-Weser-W\u00fcmme e.V.","robots":{"index":"index","follow":"follow","max-snippet":"max-snippet:-1","max-image-preview":"max-image-preview:large","max-video-preview":"max-video-preview:-1"},"canonical":"https:\/\/teilhabeberatung-verden-osterholz.de\/ls\/","og_locale":"en_US","og_type":"article","og_title":"Erg\u00e4nzende unabh\u00e4ngige Teilhabe-Beratung - Erg\u00e4nzende unabh\u00e4ngige Teilhabeberatung Aller-Weser-W\u00fcmme e.V.","og_description":"Vorlesen Herzlich willkommen Herzlich willkommen auf unserer Internet-Seite. Wir sind der Verein:Teilhabeberatung Aller-Weser-W\u00fcmme e.V. Wir haben 2 Beratungs-Stellen: Wir machen eine neue Beratung.Die Beratung hei\u00dft:Erg\u00e4nzende unabh\u00e4ngige Teilhabeberatung.Die Beratung hei\u00dft kurz: EUTB\u00ae EUTB\u00ae-Beratung ist Kein anderer bestimmt, wie die Beratung sein soll.Zum Beispiel kein Amt,von dem Sie Geld bekommen.Die EUTB\u00ae-Beratung kostet f\u00fcr Sie kein Geld. EUTB\u00ae&hellip; Continue reading Erg\u00e4nzende unabh\u00e4ngige Teilhabe-Beratung","og_url":"https:\/\/teilhabeberatung-verden-osterholz.de\/ls\/","og_site_name":"Erg\u00e4nzende unabh\u00e4ngige Teilhabeberatung Aller-Weser-W\u00fcmme e.V.","article_modified_time":"2025-03-25T14:06:50+00:00","og_image":[{"url":"https:\/\/eutb.test.lakrizz.de\/wp-content\/uploads\/logo-eutb-200x200.jpg","type":"","width":"","height":""}],"schema":{"@context":"https:\/\/schema.org","@graph":[{"@type":"WebPage","@id":"https:\/\/teilhabeberatung-verden-osterholz.de\/ls\/","url":"https:\/\/teilhabeberatung-verden-osterholz.de\/ls\/","name":"Erg\u00e4nzende unabh\u00e4ngige Teilhabe-Beratung - Erg\u00e4nzende unabh\u00e4ngige Teilhabeberatung Aller-Weser-W\u00fcmme e.V.","isPartOf":{"@id":"https:\/\/teilhabeberatung-verden-osterholz.de\/ls\/#website"},"primaryImageOfPage":{"@id":"https:\/\/teilhabeberatung-verden-osterholz.de\/ls\/#primaryimage"},"image":{"@id":"https:\/\/teilhabeberatung-verden-osterholz.de\/ls\/#primaryimage"},"thumbnailUrl":"https:\/\/eutb.test.lakrizz.de\/wp-content\/uploads\/logo-eutb-200x200.jpg","datePublished":"2018-06-04T13:26:44+00:00","dateModified":"2025-03-25T14:06:50+00:00","breadcrumb":{"@id":"https:\/\/teilhabeberatung-verden-osterholz.de\/ls\/#breadcrumb"},"inLanguage":"ls","potentialAction":[{"@type":"ReadAction","target":["https:\/\/teilhabeberatung-verden-osterholz.de\/ls\/"]}]},{"@type":"ImageObject","inLanguage":"ls","@id":"https:\/\/teilhabeberatung-verden-osterholz.de\/ls\/#primaryimage","url":"https:\/\/eutb.test.lakrizz.de\/wp-content\/uploads\/logo-eutb-200x200.jpg","contentUrl":"https:\/\/eutb.test.lakrizz.de\/wp-content\/uploads\/logo-eutb-200x200.jpg"},{"@type":"BreadcrumbList","@id":"https:\/\/teilhabeberatung-verden-osterholz.de\/ls\/#breadcrumb","itemListElement":[{"@type":"ListItem","position":1,"name":"Startseite","item":"https:\/\/teilhabeberatung-verden-osterholz.de\/ls\/"},{"@type":"ListItem","position":2,"name":"Erg\u00e4nzende unabh\u00e4ngige Teilhabe-Beratung"}]},{"@type":"WebSite","@id":"https:\/\/teilhabeberatung-verden-osterholz.de\/ls\/#website","url":"https:\/\/teilhabeberatung-verden-osterholz.de\/ls\/","name":"Erg\u00e4nzende unabh\u00e4ngige Teilhabeberatung Aller-Weser-W\u00fcmme e.V.","description":"Beratungsstellen Verden &amp; Lilienthal Landkreis Osterholz","publisher":{"@id":"https:\/\/teilhabeberatung-verden-osterholz.de\/ls\/#organization"},"potentialAction":[{"@type":"SearchAction","target":{"@type":"EntryPoint","urlTemplate":"https:\/\/teilhabeberatung-verden-osterholz.de\/ls\/?s={search_term_string}"},"query-input":{"@type":"PropertyValueSpecification","valueRequired":true,"valueName":"search_term_string"}}],"inLanguage":"ls"},{"@type":"Organization","@id":"https:\/\/teilhabeberatung-verden-osterholz.de\/ls\/#organization","name":"Erg\u00e4nzende unabh\u00e4ngige Teilhabeberatung Aller-Weser-W\u00fcmme e.V.","url":"https:\/\/teilhabeberatung-verden-osterholz.de\/ls\/","logo":{"@type":"ImageObject","inLanguage":"ls","@id":"https:\/\/teilhabeberatung-verden-osterholz.de\/ls\/#\/schema\/logo\/image\/","url":"https:\/\/teilhabeberatung-verden-osterholz.de\/wp-content\/uploads\/logo-eutb-1.svg","contentUrl":"https:\/\/teilhabeberatung-verden-osterholz.de\/wp-content\/uploads\/logo-eutb-1.svg","caption":"Erg\u00e4nzende unabh\u00e4ngige Teilhabeberatung Aller-Weser-W\u00fcmme e.V."},"image":{"@id":"https:\/\/teilhabeberatung-verden-osterholz.de\/ls\/#\/schema\/logo\/image\/"}}]}},"_links":{"self":[{"href":"https:\/\/teilhabeberatung-verden-osterholz.de\/ls\/wp-json\/wp\/v2\/pages\/314","targetHints":{"allow":["GET"]}}],"collection":[{"href":"https:\/\/teilhabeberatung-verden-osterholz.de\/ls\/wp-json\/wp\/v2\/pages"}],"about":[{"href":"https:\/\/teilhabeberatung-verden-osterholz.de\/ls\/wp-json\/wp\/v2\/types\/page"}],"author":[{"embeddable":true,"href":"https:\/\/teilhabeberatung-verden-osterholz.de\/ls\/wp-json\/wp\/v2\/users\/1"}],"replies":[{"embeddable":true,"href":"https:\/\/teilhabeberatung-verden-osterholz.de\/ls\/wp-json\/wp\/v2\/comments?post=314"}],"version-history":[{"count":0,"href":"https:\/\/teilhabeberatung-verden-osterholz.de\/ls\/wp-json\/wp\/v2\/pages\/314\/revisions"}],"wp:attachment":[{"href":"https:\/\/teilhabeberatung-verden-osterholz.de\/ls\/wp-json\/wp\/v2\/media?parent=314"}],"curies":[{"name":"wp","href":"https:\/\/api.w.org\/{rel}","templated":true}]}}